{"id":2456,"date":"2017-03-15T19:41:23","date_gmt":"2017-03-15T19:41:23","guid":{"rendered":"http:\/\/meinrecht.or.at\/?page_id=2456"},"modified":"2026-03-21T10:53:02","modified_gmt":"2026-03-21T10:53:02","slug":"allgemeines-zivilrecht","status":"publish","type":"page","link":"https:\/\/meinrecht.or.at\/?page_id=2456","title":{"rendered":"Allgemeines Zivilrecht"},"content":{"rendered":"\n<div class=\"wp-block-group alignfull is-style-ext-preset--group--natural-1--section has-background-background-color has-background has-global-padding is-layout-constrained wp-block-group-is-layout-constrained\" style=\"margin-top:var(--wp--preset--spacing--20);margin-bottom:var(--wp--preset--spacing--20);padding-top:0;padding-bottom:0\">\n<div class=\"wp-block-columns alignwide are-vertically-aligned-center is-layout-flex wp-container-core-columns-is-layout-f23041b4 wp-block-columns-is-layout-flex\">\n<div class=\"wp-block-column is-vertically-aligned-center is-layout-flow wp-block-column-is-layout-flow\">\n<h3 class=\"wp-block-heading ext-animate--on\">Allgemeine Zivilrecht verst\u00e4ndlich und praxisnah vermittelt.<\/h3>\n\n\n\n<p class=\"ext-animate--on\" style=\"margin-top:1.5rem\">Die grundlegenden Prinzipien des Allgemeinen Zivilrechts, wie sie f\u00fcr Privatpersonen und Unternehmen von zentraler Bedeutung sind. Ein \u00dcberblick \u00fcber rechtliche Zusammenh\u00e4nge und deren praktische Bedeutung.<\/p>\n<\/div>\n\n\n\n<div class=\"wp-block-column is-vertically-aligned-center is-layout-flow wp-block-column-is-layout-flow\">\n<figure class=\"wp-block-image size-large is-style-ext-preset--image--natural-1--image-1--content-left ext-animate--on extendify-image-import is-style-ext-preset--image--natural-1--image-1--content-left--2\"><img loading=\"lazy\" decoding=\"async\" width=\"1024\" height=\"614\" src=\"https:\/\/meinrecht.or.at\/wp-content\/uploads\/2020\/10\/header_meinrecht_1-1024x614.jpg\" alt=\"\" class=\"wp-image-3090\" style=\"aspect-ratio:1;object-fit:cover\" srcset=\"https:\/\/meinrecht.or.at\/wp-content\/uploads\/2020\/10\/header_meinrecht_1-1024x614.jpg 1024w, https:\/\/meinrecht.or.at\/wp-content\/uploads\/2020\/10\/header_meinrecht_1-300x180.jpg 300w, https:\/\/meinrecht.or.at\/wp-content\/uploads\/2020\/10\/header_meinrecht_1-768x461.jpg 768w, https:\/\/meinrecht.or.at\/wp-content\/uploads\/2020\/10\/header_meinrecht_1-1536x922.jpg 1536w, https:\/\/meinrecht.or.at\/wp-content\/uploads\/2020\/10\/header_meinrecht_1-1140x684.jpg 1140w, https:\/\/meinrecht.or.at\/wp-content\/uploads\/2020\/10\/header_meinrecht_1-1000x600.jpg 1000w, https:\/\/meinrecht.or.at\/wp-content\/uploads\/2020\/10\/header_meinrecht_1-645x387.jpg 645w, https:\/\/meinrecht.or.at\/wp-content\/uploads\/2020\/10\/header_meinrecht_1-560x336.jpg 560w, https:\/\/meinrecht.or.at\/wp-content\/uploads\/2020\/10\/header_meinrecht_1-750x450.jpg 750w, https:\/\/meinrecht.or.at\/wp-content\/uploads\/2020\/10\/header_meinrecht_1-400x240.jpg 400w, https:\/\/meinrecht.or.at\/wp-content\/uploads\/2020\/10\/header_meinrecht_1.jpg 2000w\" sizes=\"auto, (max-width: 1024px) 100vw, 1024px\" \/><\/figure>\n<\/div>\n<\/div>\n<\/div>\n\n\n\n<div class=\"wp-block-group alignfull is-style-ext-preset--group--natural-1--section has-tertiary-background-color has-background has-global-padding is-layout-constrained wp-container-core-group-is-layout-e955bbaf wp-block-group-is-layout-constrained\" style=\"margin-top:0;margin-bottom:0;padding-top:var(--wp--preset--spacing--70);padding-bottom:var(--wp--preset--spacing--70)\">\n<h2 class=\"wp-block-heading has-text-align-center ext-animate--on\">Zentrale Aspekte des Zivilrechts<\/h2>\n\n\n\n<p class=\"has-text-align-center ext-animate--on\" style=\"margin-top:1.5rem\">Vertretung und Beratung in s\u00e4mtlichen schuld- und sachenrechtlichen Angelegenheiten wie:<\/p>\n\n\n\n<p class=\"has-text-align-left ext-animate--on\" style=\"margin-top:1.5rem\">\u2022 Erbrechtliche Regelungen (insbesondere Betriebsnachfolge, Testament, Stiftung)<br>\u2022 Familienrecht (insbesondere Scheidungen, Mediation)<br>\u2022 Forderungseintreibungen<br>\u2022 Gew\u00e4hrleistungsrecht<br>\u2022 Miet- und Wohnungseigentumsrecht<br>\u2022 Produkthaftungsrecht<br>\u2022 Schadenersatzrecht (\u00c4rztehaftung, Berufshaftpflicht)<br>\u2022 Vertragserrichtungen inklusive Beratung und Unterst\u00fctzung bei den Vertragsverhandlungen<br>\u2022 Nachbarschaftsrechtliche Angelegenheiten<br>\u2022 Servituts- und Eigentumsrecht<br>\u2022 Besitzst\u00f6rungsverfahren<\/p>\n<\/div>\n\n\n\n<div class=\"wp-block-group alignfull is-style-ext-preset--group--natural-1--section has-background-background-color has-background has-global-padding is-layout-constrained wp-container-core-group-is-layout-e955bbaf wp-block-group-is-layout-constrained\" id=\"Fachbereiche\" style=\"margin-top:0;margin-bottom:0;padding-top:var(--wp--preset--spacing--70);padding-bottom:var(--wp--preset--spacing--70)\">\n<div class=\"wp-block-group alignwide ext-is-logical-start has-global-padding is-content-justification-left is-layout-constrained wp-container-core-group-is-layout-20186816 wp-block-group-is-layout-constrained\">\n<h2 class=\"wp-block-heading ext-animate--on\">T\u00e4tigkeitsbereiche<\/h2>\n\n\n\n<p class=\"ext-animate--on\">Wir bieten Ihnen <strong>kompetente Beratung und Vertretung<\/strong> im gesamten Bereich des Zivilrechts. Unser Ziel ist es, Ihnen <strong>pr\u00e4zise Antworten auf zentrale Fragen<\/strong> zu geben und eine schnelle Orientierung zu erm\u00f6glichen.<\/p>\n\n\n\n<p>Unsere Leistungen umfassen insbesondere:<\/p>\n\n\n\n<p>\u2022 <strong>Schuldrechtliche Angelegenheiten<\/strong> \u2013 Beratung und Durchsetzung von Forderungen, Vertragsgestaltung und Vertragspr\u00fcfung<\/p>\n\n\n\n<p>\u2022 <strong>Sachenrechtliche Angelegenheiten<\/strong> \u2013 Immobilien- und Eigentumsfragen, Rechte an beweglichen und unbeweglichen Sachen<\/p>\n\n\n\n<p class=\"ext-animate--on\">\u2022 <strong>Allgemeines Zivilrecht<\/strong> \u2013 Konfliktl\u00f6sung, Vertragsstreitigkeiten und rechtliche Absicherung im Alltag<\/p>\n<\/div>\n<\/div>\n\n\n\n<div class=\"wp-block-group has-global-padding is-layout-constrained wp-block-group-is-layout-constrained\">\n<h2 class=\"wp-block-heading\">Fachbereiche<\/h2>\n\n\n\n<p><\/p>\n<\/div>\n\n\n\n<div class=\"wp-block-group alignfull is-style-ext-preset--group--natural-1--section has-tertiary-background-color has-background has-global-padding is-layout-constrained wp-container-core-group-is-layout-43ca1d42 wp-block-group-is-layout-constrained\" style=\"margin-top:0;margin-bottom:0;padding-top:var(--wp--preset--spacing--55);padding-bottom:var(--wp--preset--spacing--55)\">\n<div data-wp-context=\"{ &quot;autoclose&quot;: false, &quot;accordionItems&quot;: [] }\" data-wp-interactive=\"core\/accordion\" role=\"group\" class=\"wp-block-accordion is-layout-flow wp-block-accordion-is-layout-flow\">\n<div data-wp-class--is-open=\"state.isOpen\" data-wp-context=\"{ &quot;id&quot;: &quot;accordion-item-6&quot;, &quot;openByDefault&quot;: false }\" data-wp-init=\"callbacks.initAccordionItems\" data-wp-on-window--hashchange=\"callbacks.hashChange\" class=\"wp-block-accordion-item is-layout-flow wp-block-accordion-item-is-layout-flow\">\n<h3 class=\"wp-block-accordion-heading\"><button aria-expanded=\"false\" aria-controls=\"accordion-item-6-panel\" data-wp-bind--aria-expanded=\"state.isOpen\" data-wp-on--click=\"actions.toggle\" data-wp-on--keydown=\"actions.handleKeyDown\" id=\"accordion-item-6\" type=\"button\" class=\"wp-block-accordion-heading__toggle\"><span class=\"wp-block-accordion-heading__toggle-title\">Schadenersatz- und Gew\u00e4hrleistungsrecht<br><\/span><span class=\"wp-block-accordion-heading__toggle-icon\" aria-hidden=\"true\">+<\/span><\/button><\/h3>\n\n\n\n<div inert aria-labelledby=\"accordion-item-6\" data-wp-bind--inert=\"!state.isOpen\" id=\"accordion-item-6-panel\" role=\"region\" class=\"wp-block-accordion-panel is-layout-flow wp-block-accordion-panel-is-layout-flow\">\n<p class=\"has-text-align-left ext-animate--on\" style=\"margin-top:1.5rem\">\u2022 Zivil-, straf- und verwaltungsrechtliche Vertretung in Verkehrsunfallssachen und Verkehrsdelikten Abwicklung von Schadensf\u00e4llen aus Verkehrsunf\u00e4llen<br>\u2022 Beratung und Vertretung nach Sportunf\u00e4llen<br>\u2022 Geltendmachung von Schmerzengeldanspr\u00fcchen, Pflegekosten, Verdienstentgang etc.<br>\u2022 Vertretung vor Schlichtungsstellen und Gerichten bei \u00e4rztlichen Kunstfehlern<br>\u2022 Abwehr und\/oder Durchsetzung von Anspr\u00fcchen aus \u00e4rztlichen Behandlungsfehlern<br>\u2022 und Beratungsfehlern anderer Berufsgruppen<br>(Architekten, Steuerberater, etc.)<br>\u2022 Geltendmachung von M\u00e4ngeln im Rahmen der<br>Gew\u00e4hrleistung und der vertraglichen Garantie Durchsetzung<br>von Anspr\u00fcchen aus der Produkthaftung<br><\/p>\n<\/div>\n<\/div>\n<\/div>\n<\/div>\n\n\n\n<div class=\"wp-block-group alignfull is-style-ext-preset--group--natural-1--section has-background-background-color has-background has-global-padding is-layout-constrained wp-container-core-group-is-layout-e955bbaf wp-block-group-is-layout-constrained\" style=\"margin-top:0;margin-bottom:0;padding-top:var(--wp--preset--spacing--70);padding-bottom:var(--wp--preset--spacing--70)\">\n<div data-wp-context=\"{ &quot;autoclose&quot;: false, &quot;accordionItems&quot;: [] }\" data-wp-interactive=\"core\/accordion\" role=\"group\" class=\"wp-block-accordion is-layout-flow wp-block-accordion-is-layout-flow\">\n<div data-wp-class--is-open=\"state.isOpen\" data-wp-context=\"{ &quot;id&quot;: &quot;accordion-item-8&quot;, &quot;openByDefault&quot;: false }\" data-wp-init=\"callbacks.initAccordionItems\" data-wp-on-window--hashchange=\"callbacks.hashChange\" class=\"wp-block-accordion-item is-layout-flow wp-block-accordion-item-is-layout-flow\">\n<h3 class=\"wp-block-accordion-heading\"><button aria-expanded=\"false\" aria-controls=\"accordion-item-8-panel\" data-wp-bind--aria-expanded=\"state.isOpen\" data-wp-on--click=\"actions.toggle\" data-wp-on--keydown=\"actions.handleKeyDown\" id=\"accordion-item-8\" type=\"button\" class=\"wp-block-accordion-heading__toggle\" style=\"padding-top:0;padding-bottom:0\"><span class=\"wp-block-accordion-heading__toggle-title\">Familienrecht<\/span><span class=\"wp-block-accordion-heading__toggle-icon\" aria-hidden=\"true\">+<\/span><\/button><\/h3>\n\n\n\n<div inert aria-labelledby=\"accordion-item-8\" data-wp-bind--inert=\"!state.isOpen\" id=\"accordion-item-8-panel\" role=\"region\" class=\"wp-block-accordion-panel is-layout-flow wp-block-accordion-panel-is-layout-flow\">\n<p class=\"has-text-align-left ext-animate--on\" style=\"margin-top:1.5rem\">\u2022 Vertretung in allen streitigen und au\u00dferstreitigen<br>familienrechtlichen Auseinandersetzungen<br>\u2022 Verfassung von Ehevertr\u00e4gen<br>\u2022 Vertr\u00e4ge zur Regelung von Lebensgemeinschaften<br>\u2022 Ehescheidungen<br>\u2022 Aufl\u00f6sung von Lebensgemeinschaften<br>\u2022 Verfassung von Vereinbarungen im Zusammenhang<br>mit einvernehmlichen Scheidungen<br>\u2022 Verfassung von Scheidungsvertr\u00e4gen<br>\u2022 Verfassung von Unterhaltsvereinbarungen<br>\u2022 Beratung und Vertretung in verm\u00f6gensrechtlichen<br>Auseinandersetzungen im Zuge von Scheidungsverfahren<br>\u2022 Mediation<\/p>\n<\/div>\n<\/div>\n<\/div>\n<\/div>\n\n\n\n<div class=\"wp-block-group alignfull is-style-ext-preset--group--natural-1--section has-tertiary-background-color has-background has-global-padding is-layout-constrained wp-container-core-group-is-layout-e955bbaf wp-block-group-is-layout-constrained\" style=\"margin-top:0;margin-bottom:0;padding-top:var(--wp--preset--spacing--70);padding-bottom:var(--wp--preset--spacing--70)\">\n<div data-wp-context=\"{ &quot;autoclose&quot;: false, &quot;accordionItems&quot;: [] }\" data-wp-interactive=\"core\/accordion\" role=\"group\" class=\"wp-block-accordion is-layout-flow wp-block-accordion-is-layout-flow\">\n<div data-wp-class--is-open=\"state.isOpen\" data-wp-context=\"{ &quot;id&quot;: &quot;accordion-item-10&quot;, &quot;openByDefault&quot;: false }\" data-wp-init=\"callbacks.initAccordionItems\" data-wp-on-window--hashchange=\"callbacks.hashChange\" class=\"wp-block-accordion-item is-layout-flow wp-block-accordion-item-is-layout-flow\">\n<h3 class=\"wp-block-accordion-heading\"><button aria-expanded=\"false\" aria-controls=\"accordion-item-10-panel\" data-wp-bind--aria-expanded=\"state.isOpen\" data-wp-on--click=\"actions.toggle\" data-wp-on--keydown=\"actions.handleKeyDown\" id=\"accordion-item-10\" type=\"button\" class=\"wp-block-accordion-heading__toggle\"><span class=\"wp-block-accordion-heading__toggle-title\">Erbrecht, Unternehmensnachfolge und Privatstiftungen<\/span><span class=\"wp-block-accordion-heading__toggle-icon\" aria-hidden=\"true\">+<\/span><\/button><\/h3>\n\n\n\n<div inert aria-labelledby=\"accordion-item-10\" data-wp-bind--inert=\"!state.isOpen\" id=\"accordion-item-10-panel\" role=\"region\" class=\"wp-block-accordion-panel is-layout-flow wp-block-accordion-panel-is-layout-flow\">\n<p class=\"has-text-align-left ext-animate--on\" style=\"margin-top:1.5rem\">\u2022 Vertretung in Verlassenschaftsverfahren<br>\u2022 Verfassung von Testamenten<br>\u2022 Abwicklung von Verlassenschaftsabhandlungen im<br>Eingabewege Geltendmachung von Erbteils-, Pflichtteils-<br>und Pflichtteilserg\u00e4nzungsanspr\u00fcchen<br>\u2022 Verfassung von Erbvertr\u00e4gen<br>\u2022 Beratung und Vertretung von Eigent\u00fcmern von Familienverm\u00f6gen in Verwaltungsfragen<br>\u2022 Nachfolgeplanung<br>\u2022 Errichtung von Privatstiftungen<br>\u2022 \u00dcbernahme von Aufgaben im Stiftungsvorstand<\/p>\n<\/div>\n<\/div>\n<\/div>\n<\/div>\n\n\n\n<div class=\"wp-block-group alignfull is-style-ext-preset--group--natural-1--section has-background-background-color has-background has-global-padding is-layout-constrained wp-container-core-group-is-layout-e955bbaf wp-block-group-is-layout-constrained\" style=\"margin-top:0;margin-bottom:0;padding-top:var(--wp--preset--spacing--70);padding-bottom:var(--wp--preset--spacing--70)\">\n<div data-wp-context=\"{ &quot;autoclose&quot;: false, &quot;accordionItems&quot;: [] }\" data-wp-interactive=\"core\/accordion\" role=\"group\" class=\"wp-block-accordion is-layout-flow wp-block-accordion-is-layout-flow\">\n<div data-wp-class--is-open=\"state.isOpen\" data-wp-context=\"{ &quot;id&quot;: &quot;accordion-item-12&quot;, &quot;openByDefault&quot;: false }\" data-wp-init=\"callbacks.initAccordionItems\" data-wp-on-window--hashchange=\"callbacks.hashChange\" class=\"wp-block-accordion-item is-layout-flow wp-block-accordion-item-is-layout-flow\">\n<h3 class=\"wp-block-accordion-heading\"><button aria-expanded=\"false\" aria-controls=\"accordion-item-12-panel\" data-wp-bind--aria-expanded=\"state.isOpen\" data-wp-on--click=\"actions.toggle\" data-wp-on--keydown=\"actions.handleKeyDown\" id=\"accordion-item-12\" type=\"button\" class=\"wp-block-accordion-heading__toggle\"><span class=\"wp-block-accordion-heading__toggle-title\">Arbeits- und Sozialrecht<\/span><span class=\"wp-block-accordion-heading__toggle-icon\" aria-hidden=\"true\">+<\/span><\/button><\/h3>\n\n\n\n<div inert aria-labelledby=\"accordion-item-12\" data-wp-bind--inert=\"!state.isOpen\" id=\"accordion-item-12-panel\" role=\"region\" class=\"wp-block-accordion-panel is-layout-flow wp-block-accordion-panel-is-layout-flow\">\n<p class=\"has-text-align-left ext-animate--on\" style=\"margin-top:1.5rem\">\u2022 Verfassung von Vertr\u00e4gen<br>\u2022 Beendigung von Dienstverh\u00e4ltnissen<br>\u2022 K\u00fcndigungs- und Entlassungsanfechtungen<br>\u2022 Pr\u00fcfung und Durchsetzung von Anspr\u00fcchen<br>\u2022 Pensions- und Pflegegeldantr\u00e4ge und deren gerichtliche Durchsetzung<br><\/p>\n<\/div>\n<\/div>\n<\/div>\n<\/div>\n\n\n\n<div class=\"wp-block-group alignfull is-style-ext-preset--group--natural-1--section has-tertiary-background-color has-background has-global-padding is-layout-constrained wp-container-core-group-is-layout-e955bbaf wp-block-group-is-layout-constrained\" style=\"margin-top:0;margin-bottom:0;padding-top:var(--wp--preset--spacing--70);padding-bottom:var(--wp--preset--spacing--70)\">\n<div data-wp-context=\"{ &quot;autoclose&quot;: false, &quot;accordionItems&quot;: [] }\" data-wp-interactive=\"core\/accordion\" role=\"group\" class=\"wp-block-accordion is-layout-flow wp-block-accordion-is-layout-flow\">\n<div data-wp-class--is-open=\"state.isOpen\" data-wp-context=\"{ &quot;id&quot;: &quot;accordion-item-14&quot;, &quot;openByDefault&quot;: false }\" data-wp-init=\"callbacks.initAccordionItems\" data-wp-on-window--hashchange=\"callbacks.hashChange\" class=\"wp-block-accordion-item is-layout-flow wp-block-accordion-item-is-layout-flow\">\n<h3 class=\"wp-block-accordion-heading\"><button aria-expanded=\"false\" aria-controls=\"accordion-item-14-panel\" data-wp-bind--aria-expanded=\"state.isOpen\" data-wp-on--click=\"actions.toggle\" data-wp-on--keydown=\"actions.handleKeyDown\" id=\"accordion-item-14\" type=\"button\" class=\"wp-block-accordion-heading__toggle\"><span class=\"wp-block-accordion-heading__toggle-title\">Forderungseintreibungen und Mahnwesen<\/span><span class=\"wp-block-accordion-heading__toggle-icon\" aria-hidden=\"true\">+<\/span><\/button><\/h3>\n\n\n\n<div inert aria-labelledby=\"accordion-item-14\" data-wp-bind--inert=\"!state.isOpen\" id=\"accordion-item-14-panel\" role=\"region\" class=\"wp-block-accordion-panel is-layout-flow wp-block-accordion-panel-is-layout-flow\">\n<p class=\"has-text-align-center ext-animate--on\" style=\"margin-top:1.5rem\">Unsere Exekutionsabteilung unternimmt s\u00e4mtliche rechtlichen Schritte, um unseren Mandanten bei der Eintreibung von Forderungen behilflich zu sein. Vom Mahnschreiben bis zur gerichtlichen Geltendmachung im Exekutionsverfahren durch:<\/p>\n\n\n\n<p class=\"has-text-align-left ext-animate--on\" style=\"margin-top:1.5rem\">\u2022 Gehalts-, Fahrnis- und Forderungsexekutionen<br>\u2022 Zwangsweise Pfandrechtsbegr\u00fcndung<br>\u2022 Zwangsversteigerungen<br>\u2022 Sonstige Exekutionen (Gewerberechtspf\u00e4ndung, Pf\u00e4ndung von Stammeinlagen, etc.)<br><\/p>\n<\/div>\n<\/div>\n<\/div>\n<\/div>\n\n\n\n<div class=\"wp-block-group alignfull is-style-ext-preset--group--natural-1--section has-background-background-color has-background has-global-padding is-layout-constrained wp-container-core-group-is-layout-e955bbaf wp-block-group-is-layout-constrained\" style=\"margin-top:0;margin-bottom:0;padding-top:var(--wp--preset--spacing--70);padding-bottom:var(--wp--preset--spacing--70)\">\n<div data-wp-context=\"{ &quot;autoclose&quot;: false, &quot;accordionItems&quot;: [] }\" data-wp-interactive=\"core\/accordion\" role=\"group\" class=\"wp-block-accordion is-layout-flow wp-block-accordion-is-layout-flow\">\n<div data-wp-class--is-open=\"state.isOpen\" data-wp-context=\"{ &quot;id&quot;: &quot;accordion-item-16&quot;, &quot;openByDefault&quot;: false }\" data-wp-init=\"callbacks.initAccordionItems\" data-wp-on-window--hashchange=\"callbacks.hashChange\" class=\"wp-block-accordion-item is-layout-flow wp-block-accordion-item-is-layout-flow\">\n<h3 class=\"wp-block-accordion-heading\"><button aria-expanded=\"false\" aria-controls=\"accordion-item-16-panel\" data-wp-bind--aria-expanded=\"state.isOpen\" data-wp-on--click=\"actions.toggle\" data-wp-on--keydown=\"actions.handleKeyDown\" id=\"accordion-item-16\" type=\"button\" class=\"wp-block-accordion-heading__toggle\"><span class=\"wp-block-accordion-heading__toggle-title\">Gesellschaftsrecht<\/span><span class=\"wp-block-accordion-heading__toggle-icon\" aria-hidden=\"true\">+<\/span><\/button><\/h3>\n\n\n\n<div inert aria-labelledby=\"accordion-item-16\" data-wp-bind--inert=\"!state.isOpen\" id=\"accordion-item-16-panel\" role=\"region\" class=\"wp-block-accordion-panel is-layout-flow wp-block-accordion-panel-is-layout-flow\">\n<p class=\"has-text-align-left ext-animate--on\" style=\"margin-top:1.5rem\">\u2022 Beratung bei der Wahl der Gesellschaftsform<br>\u2022 Gestaltung von Gesellschafts- und Syndikatsvertr\u00e4gen,<br>Satzungen sowie Gesch\u00e4ftsordnungen<br>\u2022 Ernennung und Abberufung von Organen<br>\u2022 Betreuung von Firmenbuchangelegenheiten<br>\u2022 Beratung bei Fragen der Organhaftung, insb. von Vorst\u00e4nden und Aufsichtsr\u00e4ten<br>\u2022 Begleitung und Durchf\u00fchrung von gesellschaftsrechtlichen<br>Sonderpr\u00fcfungen<br>\u2022 Vorbereitung und Begleitung von Haupt- und Generalversammlung<br>\u2022 Mitwirkung in Aufsichtsr\u00e4ten<br>\u2022 Vorbereitung und Begleitung von Kapitalma\u00dfnahmen<br>\u2022 Beratung, Vorbereitung und Begleitung von Umstrukturierungsma\u00dfnahmen<br><\/p>\n\n\n\n<p><\/p>\n<\/div>\n<\/div>\n<\/div>\n<\/div>\n\n\n\n<div class=\"wp-block-group alignfull is-style-ext-preset--group--natural-1--section has-tertiary-background-color has-background has-global-padding is-layout-constrained wp-container-core-group-is-layout-e955bbaf wp-block-group-is-layout-constrained\" style=\"margin-top:0;margin-bottom:0;padding-top:var(--wp--preset--spacing--70);padding-bottom:var(--wp--preset--spacing--70)\">\n<div data-wp-context=\"{ &quot;autoclose&quot;: false, &quot;accordionItems&quot;: [] }\" data-wp-interactive=\"core\/accordion\" role=\"group\" class=\"wp-block-accordion is-layout-flow wp-block-accordion-is-layout-flow\">\n<div data-wp-class--is-open=\"state.isOpen\" data-wp-context=\"{ &quot;id&quot;: &quot;accordion-item-18&quot;, &quot;openByDefault&quot;: false }\" data-wp-init=\"callbacks.initAccordionItems\" data-wp-on-window--hashchange=\"callbacks.hashChange\" class=\"wp-block-accordion-item is-layout-flow wp-block-accordion-item-is-layout-flow\">\n<h3 class=\"wp-block-accordion-heading\"><button aria-expanded=\"false\" aria-controls=\"accordion-item-18-panel\" data-wp-bind--aria-expanded=\"state.isOpen\" data-wp-on--click=\"actions.toggle\" data-wp-on--keydown=\"actions.handleKeyDown\" id=\"accordion-item-18\" type=\"button\" class=\"wp-block-accordion-heading__toggle\"><span class=\"wp-block-accordion-heading__toggle-title\">Liegenschaftsrecht<\/span><span class=\"wp-block-accordion-heading__toggle-icon\" aria-hidden=\"true\">+<\/span><\/button><\/h3>\n\n\n\n<div inert aria-labelledby=\"accordion-item-18\" data-wp-bind--inert=\"!state.isOpen\" id=\"accordion-item-18-panel\" role=\"region\" class=\"wp-block-accordion-panel is-layout-flow wp-block-accordion-panel-is-layout-flow\">\n<p class=\"has-text-align-left ext-animate--on\" style=\"margin-top:1.5rem\">\u2022 Beratung bei Erwerb, Verkauf und Verwertung von B\u00fcro-, Gewerbe-, Wohn- und Spezialimmobilien<br>\u2022 Errichtung von sonstigen Liegenschaftsvertr\u00e4gen<br>\u2022 Verfassung von Management- und Verwaltungsvertr\u00e4gen<br>\u2022 Projektentwicklung: Beratung vom Erwerb der Projektgrundst\u00fccke<br>\u2022 Betreuung aller Grundbuchsangelegenheiten<br><\/p>\n<\/div>\n<\/div>\n<\/div>\n<\/div>\n\n\n\n<div class=\"wp-block-group alignfull is-style-ext-preset--group--natural-1--section has-background-background-color has-background has-global-padding is-layout-constrained wp-container-core-group-is-layout-e955bbaf wp-block-group-is-layout-constrained\" style=\"margin-top:0;margin-bottom:0;padding-top:var(--wp--preset--spacing--70);padding-bottom:var(--wp--preset--spacing--70)\">\n<div data-wp-context=\"{ &quot;autoclose&quot;: false, &quot;accordionItems&quot;: [] }\" data-wp-interactive=\"core\/accordion\" role=\"group\" class=\"wp-block-accordion is-layout-flow wp-block-accordion-is-layout-flow\">\n<div data-wp-class--is-open=\"state.isOpen\" data-wp-context=\"{ &quot;id&quot;: &quot;accordion-item-20&quot;, &quot;openByDefault&quot;: false }\" data-wp-init=\"callbacks.initAccordionItems\" data-wp-on-window--hashchange=\"callbacks.hashChange\" class=\"wp-block-accordion-item is-layout-flow wp-block-accordion-item-is-layout-flow\">\n<h3 class=\"wp-block-accordion-heading\"><button aria-expanded=\"false\" aria-controls=\"accordion-item-20-panel\" data-wp-bind--aria-expanded=\"state.isOpen\" data-wp-on--click=\"actions.toggle\" data-wp-on--keydown=\"actions.handleKeyDown\" id=\"accordion-item-20\" type=\"button\" class=\"wp-block-accordion-heading__toggle\"><span class=\"wp-block-accordion-heading__toggle-title\">Marken- und Wettbewerbsrecht<\/span><span class=\"wp-block-accordion-heading__toggle-icon\" aria-hidden=\"true\">+<\/span><\/button><\/h3>\n\n\n\n<div inert aria-labelledby=\"accordion-item-20\" data-wp-bind--inert=\"!state.isOpen\" id=\"accordion-item-20-panel\" role=\"region\" class=\"wp-block-accordion-panel is-layout-flow wp-block-accordion-panel-is-layout-flow\">\n<p class=\"has-text-align-left ext-animate--on\" style=\"margin-top:1.5rem\">\u2022 Antr\u00e4ge auf nationale und internationale Registrierung<br>von gewerblichen Schutzrechten, insbesondere Marken-<br>und Musterschutzrechte<br>\u2022 Urheberrecht, speziell Vertrags- und K\u00fcnstlerrechte<br>\u2022 Beratung in Fragen des Wettbewerbsrechts,<br>insbesondere zur Geltendmachung von Wettbewerbsverst\u00f6\u00dfen<br>sowie der Zul\u00e4ssigkeit von Werbema\u00dfnahmen<br>\u2022 Vertretung bei Marken- und Produktpiraterie<br>\u2022 L\u00f6schungsverfahren von Marken, Mustern und Patenten<br>\u2022 F\u00fchrung von Wettbewerbsprozessen<br>\u2022 Antr\u00e4ge auf Urteilsver\u00f6ffentlichung<\/p>\n<\/div>\n<\/div>\n<\/div>\n<\/div>\n\n\n\n<div class=\"wp-block-group alignfull is-style-ext-preset--group--natural-1--section has-tertiary-background-color has-background has-global-padding is-layout-constrained wp-container-core-group-is-layout-e955bbaf wp-block-group-is-layout-constrained\" style=\"margin-top:0;margin-bottom:0;padding-top:var(--wp--preset--spacing--70);padding-bottom:var(--wp--preset--spacing--70)\">\n<div data-wp-context=\"{ &quot;autoclose&quot;: false, &quot;accordionItems&quot;: [] }\" data-wp-interactive=\"core\/accordion\" role=\"group\" class=\"wp-block-accordion is-layout-flow wp-block-accordion-is-layout-flow\">\n<div data-wp-class--is-open=\"state.isOpen\" data-wp-context=\"{ &quot;id&quot;: &quot;accordion-item-22&quot;, &quot;openByDefault&quot;: false }\" data-wp-init=\"callbacks.initAccordionItems\" data-wp-on-window--hashchange=\"callbacks.hashChange\" class=\"wp-block-accordion-item is-layout-flow wp-block-accordion-item-is-layout-flow\">\n<h3 class=\"wp-block-accordion-heading\"><button aria-expanded=\"false\" aria-controls=\"accordion-item-22-panel\" data-wp-bind--aria-expanded=\"state.isOpen\" data-wp-on--click=\"actions.toggle\" data-wp-on--keydown=\"actions.handleKeyDown\" id=\"accordion-item-22\" type=\"button\" class=\"wp-block-accordion-heading__toggle\"><span class=\"wp-block-accordion-heading__toggle-title\">Mediation<\/span><span class=\"wp-block-accordion-heading__toggle-icon\" aria-hidden=\"true\">+<\/span><\/button><\/h3>\n\n\n\n<div inert aria-labelledby=\"accordion-item-22\" data-wp-bind--inert=\"!state.isOpen\" id=\"accordion-item-22-panel\" role=\"region\" class=\"wp-block-accordion-panel is-layout-flow wp-block-accordion-panel-is-layout-flow\">\n<p class=\"has-text-align-left ext-animate--on\" style=\"margin-top:1.5rem\">Ziel der Mediation ist es Konflikte zu l\u00f6sen, ohne dabei die Gerichte anrufen zu m\u00fcssen. Im Zuge der Mediation sucht der Mediator zusammen mit den Parteien nach Konfliktl\u00f6sungen, die den Interessen beider Parteien gerecht werden.<\/p>\n\n\n\n<p class=\"has-text-align-left ext-animate--on\" style=\"margin-top:1.5rem\">Die Mediation wird von uns vornehmlich bei wirtschaftlichen Auseinandersetzungen, familienrechtlichen Angelegenheiten,\u2022s\u00e4mtlichen Verwaltungsangelegenheiten sowie Bau- und Gewerbeangelegenheiten eingesetzt.<br><\/p>\n<\/div>\n<\/div>\n<\/div>\n<\/div>\n\n\n\n<div class=\"wp-block-group alignfull is-style-ext-preset--group--natural-1--section has-background-background-color has-background has-global-padding is-layout-constrained wp-container-core-group-is-layout-e955bbaf wp-block-group-is-layout-constrained\" style=\"margin-top:0;margin-bottom:0;padding-top:var(--wp--preset--spacing--70);padding-bottom:var(--wp--preset--spacing--70)\">\n<div data-wp-context=\"{ &quot;autoclose&quot;: false, &quot;accordionItems&quot;: [] }\" data-wp-interactive=\"core\/accordion\" role=\"group\" class=\"wp-block-accordion is-layout-flow wp-block-accordion-is-layout-flow\">\n<div data-wp-class--is-open=\"state.isOpen\" data-wp-context=\"{ &quot;id&quot;: &quot;accordion-item-24&quot;, &quot;openByDefault&quot;: false }\" data-wp-init=\"callbacks.initAccordionItems\" data-wp-on-window--hashchange=\"callbacks.hashChange\" class=\"wp-block-accordion-item is-layout-flow wp-block-accordion-item-is-layout-flow\">\n<h3 class=\"wp-block-accordion-heading\"><button aria-expanded=\"false\" aria-controls=\"accordion-item-24-panel\" data-wp-bind--aria-expanded=\"state.isOpen\" data-wp-on--click=\"actions.toggle\" data-wp-on--keydown=\"actions.handleKeyDown\" id=\"accordion-item-24\" type=\"button\" class=\"wp-block-accordion-heading__toggle\"><span class=\"wp-block-accordion-heading__toggle-title\">Miet- und Wohnungseigentumsrecht<\/span><span class=\"wp-block-accordion-heading__toggle-icon\" aria-hidden=\"true\">+<\/span><\/button><\/h3>\n\n\n\n<div inert aria-labelledby=\"accordion-item-24\" data-wp-bind--inert=\"!state.isOpen\" id=\"accordion-item-24-panel\" role=\"region\" class=\"wp-block-accordion-panel is-layout-flow wp-block-accordion-panel-is-layout-flow\">\n<p class=\"has-text-align-center ext-animate--on\" style=\"margin-top:1.5rem\">Vertretung und Beratung in s\u00e4mtlichen Angelegenheiten wie:<\/p>\n\n\n\n<p class=\"has-text-align-left ext-animate--on\" style=\"margin-top:1.5rem\">\u2022 Beratung bei Kauf, Verkauf, Vermietung oder Verwertung von H\u00e4usern, Liegenschaften und Wohnungen<br>\u2022 Errichtung von Wohnungseigentumsvertr\u00e4gen<br>\u2022 Verfassung&nbsp;von Mietvertr\u00e4gen<br>\u2022 Vertretung in streitigen Mietrechtsverfahren (R\u00e4umungen, Mietzinsforderungen etc.)<br>\u2022 Beratung in allen Lagen der Entwicklung und Verwertung einer Immobilie<br>\u2022 Verfassung von Grundbuchsgesuchen aller Art<\/p>\n<\/div>\n<\/div>\n<\/div>\n<\/div>\n\n\n\n<div class=\"wp-block-group alignfull is-style-ext-preset--group--natural-1--section has-tertiary-background-color has-background has-global-padding is-layout-constrained wp-container-core-group-is-layout-e955bbaf wp-block-group-is-layout-constrained\" style=\"margin-top:0;margin-bottom:0;padding-top:var(--wp--preset--spacing--70);padding-bottom:var(--wp--preset--spacing--70)\">\n<div data-wp-context=\"{ &quot;autoclose&quot;: false, &quot;accordionItems&quot;: [] }\" data-wp-interactive=\"core\/accordion\" role=\"group\" class=\"wp-block-accordion is-layout-flow wp-block-accordion-is-layout-flow\">\n<div data-wp-class--is-open=\"state.isOpen\" data-wp-context=\"{ &quot;id&quot;: &quot;accordion-item-26&quot;, &quot;openByDefault&quot;: false }\" data-wp-init=\"callbacks.initAccordionItems\" data-wp-on-window--hashchange=\"callbacks.hashChange\" class=\"wp-block-accordion-item is-layout-flow wp-block-accordion-item-is-layout-flow\">\n<h3 class=\"wp-block-accordion-heading\"><button aria-expanded=\"false\" aria-controls=\"accordion-item-26-panel\" data-wp-bind--aria-expanded=\"state.isOpen\" data-wp-on--click=\"actions.toggle\" data-wp-on--keydown=\"actions.handleKeyDown\" id=\"accordion-item-26\" type=\"button\" class=\"wp-block-accordion-heading__toggle\"><span class=\"wp-block-accordion-heading__toggle-title\">Schadenersatz- und Gew\u00e4hrleistungsrecht<\/span><span class=\"wp-block-accordion-heading__toggle-icon\" aria-hidden=\"true\">+<\/span><\/button><\/h3>\n\n\n\n<div inert aria-labelledby=\"accordion-item-26\" data-wp-bind--inert=\"!state.isOpen\" id=\"accordion-item-26-panel\" role=\"region\" class=\"wp-block-accordion-panel is-layout-flow wp-block-accordion-panel-is-layout-flow\">\n<p class=\"has-text-align-left ext-animate--on\" style=\"margin-top:1.5rem\">\u2022 Zivil-, straf- und verwaltungsrechtliche Vertretung in Verkehrsunfallssachen und Verkehrsdelikten<br>\u2022 Abwicklung von Schadensf\u00e4llen aus <a href=\"http:\/\/www.meinrecht.or.at\/rechtsservice\/?c=7\">Verkehrsunf\u00e4llen<\/a><br>\u2022 Beratung und Vertretung nach Sportunf\u00e4llen<br>\u2022 Geltendmachung von <a href=\"http:\/\/www.meinrecht.or.at\/rechtsservice\/?c=10\">Schmerzengeldanspr\u00fcchen<\/a>, Pflegekosten, Verdienstentgang etc.<br>\u2022 Vertretung vor Schlichtungsstellen und Gerichten bei \u00e4rztlichen Kunstfehlern<br>\u2022 Abwehr und\/oder Durchsetzung von Anspr\u00fcchen aus \u00e4rztlichen Behandlungsfehlern und Beratungsfehlern anderer Berufsgruppen (Architekten, Steuerberater, etc.)<br>\u2022 Geltendmachung von M\u00e4ngeln im Rahmen der Gew\u00e4hrleistung und der vertraglichen Garantie<br>\u2022 Durchsetzung von Anspr\u00fcchen aus der Produkthaftung<br><\/p>\n<\/div>\n<\/div>\n<\/div>\n<\/div>\n\n\n\n<div class=\"wp-block-group alignfull is-style-ext-preset--group--natural-1--section has-background-background-color has-background has-global-padding is-layout-constrained wp-container-core-group-is-layout-e955bbaf wp-block-group-is-layout-constrained\" style=\"margin-top:0;margin-bottom:0;padding-top:var(--wp--preset--spacing--70);padding-bottom:var(--wp--preset--spacing--70)\">\n<div data-wp-context=\"{ &quot;autoclose&quot;: false, &quot;accordionItems&quot;: [] }\" data-wp-interactive=\"core\/accordion\" role=\"group\" class=\"wp-block-accordion is-layout-flow wp-block-accordion-is-layout-flow\">\n<div data-wp-class--is-open=\"state.isOpen\" data-wp-context=\"{ &quot;id&quot;: &quot;accordion-item-28&quot;, &quot;openByDefault&quot;: false }\" data-wp-init=\"callbacks.initAccordionItems\" data-wp-on-window--hashchange=\"callbacks.hashChange\" class=\"wp-block-accordion-item is-layout-flow wp-block-accordion-item-is-layout-flow\">\n<h3 class=\"wp-block-accordion-heading\"><button aria-expanded=\"false\" aria-controls=\"accordion-item-28-panel\" data-wp-bind--aria-expanded=\"state.isOpen\" data-wp-on--click=\"actions.toggle\" data-wp-on--keydown=\"actions.handleKeyDown\" id=\"accordion-item-28\" type=\"button\" class=\"wp-block-accordion-heading__toggle\"><span class=\"wp-block-accordion-heading__toggle-title\">Strafrecht<\/span><span class=\"wp-block-accordion-heading__toggle-icon\" aria-hidden=\"true\">+<\/span><\/button><\/h3>\n\n\n\n<div inert aria-labelledby=\"accordion-item-28\" data-wp-bind--inert=\"!state.isOpen\" id=\"accordion-item-28-panel\" role=\"region\" class=\"wp-block-accordion-panel is-layout-flow wp-block-accordion-panel-is-layout-flow\">\n<p class=\"has-text-align-center ext-animate--on\" style=\"margin-top:1.5rem\">Vertretung vor s\u00e4mtlichen Gerichten und Beh\u00f6rden in den&nbsp;Bereichen:<\/p>\n\n\n\n<p class=\"has-text-align-left ext-animate--on\" style=\"margin-top:1.5rem\">&#8211; Wirtschaftskriminalit\u00e4t<br>&#8211; Finanzstrafrecht<br>&#8211; Umweltstrafrecht<br>&#8211; Verkehrsstrafrecht<br>&#8211; Vertretung im Vorverfahren<br>&#8211; Vorbereitung und Ausarbeitung der Diversion<br>&#8211; Unternehmensstrafrecht<\/p>\n<\/div>\n<\/div>\n<\/div>\n<\/div>\n\n\n\n<div class=\"wp-block-group alignfull is-style-ext-preset--group--natural-1--section has-tertiary-background-color has-background has-global-padding is-layout-constrained wp-container-core-group-is-layout-e955bbaf wp-block-group-is-layout-constrained\" style=\"margin-top:0;margin-bottom:0;padding-top:var(--wp--preset--spacing--70);padding-bottom:var(--wp--preset--spacing--70)\">\n<div data-wp-context=\"{ &quot;autoclose&quot;: false, &quot;accordionItems&quot;: [] }\" data-wp-interactive=\"core\/accordion\" role=\"group\" class=\"wp-block-accordion is-layout-flow wp-block-accordion-is-layout-flow\">\n<div data-wp-class--is-open=\"state.isOpen\" data-wp-context=\"{ &quot;id&quot;: &quot;accordion-item-30&quot;, &quot;openByDefault&quot;: false }\" data-wp-init=\"callbacks.initAccordionItems\" data-wp-on-window--hashchange=\"callbacks.hashChange\" class=\"wp-block-accordion-item is-layout-flow wp-block-accordion-item-is-layout-flow\">\n<h3 class=\"wp-block-accordion-heading\"><button aria-expanded=\"false\" aria-controls=\"accordion-item-30-panel\" data-wp-bind--aria-expanded=\"state.isOpen\" data-wp-on--click=\"actions.toggle\" data-wp-on--keydown=\"actions.handleKeyDown\" id=\"accordion-item-30\" type=\"button\" class=\"wp-block-accordion-heading__toggle\"><span class=\"wp-block-accordion-heading__toggle-title\">Vereinsrecht<\/span><span class=\"wp-block-accordion-heading__toggle-icon\" aria-hidden=\"true\">+<\/span><\/button><\/h3>\n\n\n\n<div inert aria-labelledby=\"accordion-item-30\" data-wp-bind--inert=\"!state.isOpen\" id=\"accordion-item-30-panel\" role=\"region\" class=\"wp-block-accordion-panel is-layout-flow wp-block-accordion-panel-is-layout-flow\">\n<p class=\"has-text-align-left ext-animate--on\" style=\"margin-top:1.5rem\">\u2022 Beratung bei der Vereinsgr\u00fcndung<br>\u2022 Beratung in Haftungsfragen des Vorstands<br>\u2022 Verfassung von Statuten<br><\/p>\n<\/div>\n<\/div>\n<\/div>\n<\/div>\n\n\n\n<div class=\"wp-block-group alignfull is-style-ext-preset--group--natural-1--section has-background-background-color has-background has-global-padding is-layout-constrained wp-container-core-group-is-layout-e955bbaf wp-block-group-is-layout-constrained\" style=\"margin-top:0;margin-bottom:0;padding-top:var(--wp--preset--spacing--70);padding-bottom:var(--wp--preset--spacing--70)\">\n<div data-wp-context=\"{ &quot;autoclose&quot;: false, &quot;accordionItems&quot;: [] }\" data-wp-interactive=\"core\/accordion\" role=\"group\" class=\"wp-block-accordion is-layout-flow wp-block-accordion-is-layout-flow\">\n<div data-wp-class--is-open=\"state.isOpen\" data-wp-context=\"{ &quot;id&quot;: &quot;accordion-item-32&quot;, &quot;openByDefault&quot;: false }\" data-wp-init=\"callbacks.initAccordionItems\" data-wp-on-window--hashchange=\"callbacks.hashChange\" class=\"wp-block-accordion-item is-layout-flow wp-block-accordion-item-is-layout-flow\">\n<h3 class=\"wp-block-accordion-heading\"><button aria-expanded=\"false\" aria-controls=\"accordion-item-32-panel\" data-wp-bind--aria-expanded=\"state.isOpen\" data-wp-on--click=\"actions.toggle\" data-wp-on--keydown=\"actions.handleKeyDown\" id=\"accordion-item-32\" type=\"button\" class=\"wp-block-accordion-heading__toggle\"><span class=\"wp-block-accordion-heading__toggle-title\">Versicherungsvertragsrecht<\/span><span class=\"wp-block-accordion-heading__toggle-icon\" aria-hidden=\"true\">+<\/span><\/button><\/h3>\n\n\n\n<div inert aria-labelledby=\"accordion-item-32\" data-wp-bind--inert=\"!state.isOpen\" id=\"accordion-item-32-panel\" role=\"region\" class=\"wp-block-accordion-panel is-layout-flow wp-block-accordion-panel-is-layout-flow\">\n<p class=\"has-text-align-left ext-animate--on\" style=\"margin-top:1.5rem\">\u2022 Vertretung von und gegen Versicherungsgesellschaften<br>\u2022 Anspr\u00fcche auf Deckung bzw. Leistung aus Versicherungsvertr\u00e4gen aller Art wie z.B. Unfall-, Feuer-, Haushalts-, Haftpflichtversicherung etc. betreffend<br><\/p>\n<\/div>\n<\/div>\n<\/div>\n<\/div>\n\n\n\n<div class=\"wp-block-group alignfull is-style-ext-preset--group--natural-1--section has-tertiary-background-color has-background has-global-padding is-layout-constrained wp-container-core-group-is-layout-e955bbaf wp-block-group-is-layout-constrained\" style=\"margin-top:0;margin-bottom:0;padding-top:var(--wp--preset--spacing--70);padding-bottom:var(--wp--preset--spacing--70)\">\n<div data-wp-context=\"{ &quot;autoclose&quot;: false, &quot;accordionItems&quot;: [] }\" data-wp-interactive=\"core\/accordion\" role=\"group\" class=\"wp-block-accordion is-layout-flow wp-block-accordion-is-layout-flow\">\n<div data-wp-class--is-open=\"state.isOpen\" data-wp-context=\"{ &quot;id&quot;: &quot;accordion-item-34&quot;, &quot;openByDefault&quot;: false }\" data-wp-init=\"callbacks.initAccordionItems\" data-wp-on-window--hashchange=\"callbacks.hashChange\" class=\"wp-block-accordion-item is-layout-flow wp-block-accordion-item-is-layout-flow\">\n<h3 class=\"wp-block-accordion-heading\"><button aria-expanded=\"false\" aria-controls=\"accordion-item-34-panel\" data-wp-bind--aria-expanded=\"state.isOpen\" data-wp-on--click=\"actions.toggle\" data-wp-on--keydown=\"actions.handleKeyDown\" id=\"accordion-item-34\" type=\"button\" class=\"wp-block-accordion-heading__toggle\"><span class=\"wp-block-accordion-heading__toggle-title\">(Internationales) Vertragsrecht<\/span><span class=\"wp-block-accordion-heading__toggle-icon\" aria-hidden=\"true\">+<\/span><\/button><\/h3>\n\n\n\n<div inert aria-labelledby=\"accordion-item-34\" data-wp-bind--inert=\"!state.isOpen\" id=\"accordion-item-34-panel\" role=\"region\" class=\"wp-block-accordion-panel is-layout-flow wp-block-accordion-panel-is-layout-flow\">\n<p class=\"has-text-align-left ext-animate--on\" style=\"margin-top:1.5rem\">\u2022 Errichtung von Kauf-, Tausch- und Schenkungsvertr\u00e4gen<br>\u2022 Verfassung von strukturellen Vertr\u00e4gen wie z. B. AGB, Angestelltenvertr\u00e4ge,<br>\u2022 Liefervertr\u00e4ge, Kreditvertr\u00e4ge, Darlehensvertr\u00e4gen, etc.<br>\u2022 \u00dcberpr\u00fcfung und Adaptierung von Vertr\u00e4gen<br>\u2022 Verfassung von Vertr\u00e4gen mit internationalem Bezug<br>\u2022 Verfassung von fachgebietsspezifischen Vertr\u00e4gen<br><br><\/p>\n<\/div>\n<\/div>\n<\/div>\n<\/div>\n\n\n\n<div class=\"wp-block-group alignfull is-style-ext-preset--group--natural-1--section has-background-background-color has-background has-global-padding is-layout-constrained wp-container-core-group-is-layout-e955bbaf wp-block-group-is-layout-constrained\" style=\"margin-top:0;margin-bottom:0;padding-top:var(--wp--preset--spacing--70);padding-bottom:var(--wp--preset--spacing--70)\">\n<div data-wp-context=\"{ &quot;autoclose&quot;: false, &quot;accordionItems&quot;: [] }\" data-wp-interactive=\"core\/accordion\" role=\"group\" class=\"wp-block-accordion is-layout-flow wp-block-accordion-is-layout-flow\">\n<div data-wp-class--is-open=\"state.isOpen\" data-wp-context=\"{ &quot;id&quot;: &quot;accordion-item-36&quot;, &quot;openByDefault&quot;: false }\" data-wp-init=\"callbacks.initAccordionItems\" data-wp-on-window--hashchange=\"callbacks.hashChange\" class=\"wp-block-accordion-item is-layout-flow wp-block-accordion-item-is-layout-flow\">\n<h3 class=\"wp-block-accordion-heading\"><button aria-expanded=\"false\" aria-controls=\"accordion-item-36-panel\" data-wp-bind--aria-expanded=\"state.isOpen\" data-wp-on--click=\"actions.toggle\" data-wp-on--keydown=\"actions.handleKeyDown\" id=\"accordion-item-36\" type=\"button\" class=\"wp-block-accordion-heading__toggle\"><span class=\"wp-block-accordion-heading__toggle-title\">Verwaltungs- und Verfassungsrecht<\/span><span class=\"wp-block-accordion-heading__toggle-icon\" aria-hidden=\"true\">+<\/span><\/button><\/h3>\n\n\n\n<div inert aria-labelledby=\"accordion-item-36\" data-wp-bind--inert=\"!state.isOpen\" id=\"accordion-item-36-panel\" role=\"region\" class=\"wp-block-accordion-panel is-layout-flow wp-block-accordion-panel-is-layout-flow\">\n<p class=\"has-text-align-left ext-animate--on\" style=\"margin-top:1.5rem\">\u2022 Beratung und Vertretung in Angelegenheiten des allgemeinen und besonderen Verwaltungsrechts<br>\u2022 Verfassung von Verwaltungs- und Verfassungsgerichtshofbeschwerden<br>\u2022 Rechtsmittel gegen \u00f6ffentliche Bescheide<br>\u2022 Beratung im Bereich des Gewerberechts<br>\u2022 Verteidigung im Verwaltungsstrafverfahren, einschlie\u00dflich Vertretung vor dem unabh\u00e4ngigen Verwaltungssenat<br>\u2022 Beratung in Angelegenheiten des Grundverkehrsrechts<br><\/p>\n\n\n\n<p><\/p>\n<\/div>\n<\/div>\n<\/div>\n<\/div>\n\n\n\n<div class=\"wp-block-group alignfull is-style-ext-preset--group--natural-1--section has-background-background-color has-background has-global-padding is-layout-constrained wp-block-group-is-layout-constrained\" style=\"margin-top:0;margin-bottom:0;padding-top:0;padding-bottom:0\">\n<div class=\"wp-block-cover alignfull is-light is-style-ext-preset--cover--natural-1--cover-overlay-1 extendify-image-import is-style-ext-preset--cover--natural-1--cover-overlay-1--38\" style=\"padding-top:var(--wp--preset--spacing--70);padding-right:var(--wp--preset--spacing--30);padding-bottom:var(--wp--preset--spacing--70);padding-left:var(--wp--preset--spacing--30)\"><img loading=\"lazy\" decoding=\"async\" width=\"1024\" height=\"683\" class=\"wp-block-cover__image-background wp-image-3450 size-large\" alt=\"\" src=\"https:\/\/meinrecht.or.at\/wp-content\/uploads\/2026\/03\/Pic-380221-1024x683.jpg\" style=\"object-position:25% 27%\" data-object-fit=\"cover\" data-object-position=\"25% 27%\" srcset=\"https:\/\/meinrecht.or.at\/wp-content\/uploads\/2026\/03\/Pic-380221-1024x683.jpg 1024w, https:\/\/meinrecht.or.at\/wp-content\/uploads\/2026\/03\/Pic-380221-300x200.jpg 300w, https:\/\/meinrecht.or.at\/wp-content\/uploads\/2026\/03\/Pic-380221-768x512.jpg 768w, https:\/\/meinrecht.or.at\/wp-content\/uploads\/2026\/03\/Pic-380221.jpg 1440w\" sizes=\"auto, (max-width: 1024px) 100vw, 1024px\" \/><span aria-hidden=\"true\" class=\"wp-block-cover__background has-background-dim-30 has-background-dim\" style=\"background-color:#010101\"><\/span><div class=\"wp-block-cover__inner-container has-global-padding is-layout-constrained wp-container-core-cover-is-layout-5cffc2c1 wp-block-cover-is-layout-constrained\">\n<div class=\"wp-block-group alignwide ext-is-logical-start has-global-padding is-content-justification-left is-layout-constrained wp-container-core-group-is-layout-19fdcb70 wp-block-group-is-layout-constrained\">\n<h2 class=\"wp-block-heading has-text-align-left ext-animate--on\">Wir freuen uns auf Ihre Anfrage.<\/h2>\n\n\n\n<p class=\"has-text-align-left ext-animate--on\" style=\"margin-top:1.5rem\">Erfahren Sie mehr \u00fcber unsere Dienstleistungen zu erfahren. <\/p>\n\n\n\n<div class=\"wp-block-buttons ext-animate--on is-layout-flex wp-block-buttons-is-layout-flex\">\n<div class=\"wp-block-button is-style-ext-preset--button--natural-1--button-1 is-style-ext-preset--button--natural-1--button-1--39\"><a class=\"wp-block-button__link wp-element-button\" href=\"https:\/\/meinrecht.or.at\/#Kontakt\">mehr<\/a><\/div>\n<\/div>\n<\/div>\n<\/div><\/div>\n<\/div>\n\n\n\n<p><\/p>\n","protected":false},"excerpt":{"rendered":"<p>Allgemeine Zivilrecht verst\u00e4ndlich und praxisnah vermittelt. Die grundlegenden Prinzipien des Allgemeinen Zivilrechts, wie sie f\u00fcr Privatpersonen und Unternehmen von zentraler Bedeutung sind. Ein \u00dcberblick \u00fcber rechtliche Zusammenh\u00e4nge und deren praktische Bedeutung. Zentrale Aspekte des Zivilrechts Vertretung und Beratung in s\u00e4mtlichen schuld- und sachenrechtlichen Angelegenheiten wie: \u2022 Erbrechtliche Regelungen (insbesondere Betriebsnachfolge, Testament, Stiftung)\u2022 Familienrecht (insbesondere Scheidungen, [&hellip;]<\/p>\n","protected":false},"author":1,"featured_media":0,"parent":0,"menu_order":0,"comment_status":"closed","ping_status":"closed","template":"no-title","meta":{"footnotes":""},"class_list":["post-2456","page","type-page","status-publish","hentry"],"_links":{"self":[{"href":"https:\/\/meinrecht.or.at\/index.php?rest_route=\/wp\/v2\/pages\/2456","targetHints":{"allow":["GET"]}}],"collection":[{"href":"https:\/\/meinrecht.or.at\/index.php?rest_route=\/wp\/v2\/pages"}],"about":[{"href":"https:\/\/meinrecht.or.at\/index.php?rest_route=\/wp\/v2\/types\/page"}],"author":[{"embeddable":true,"href":"https:\/\/meinrecht.or.at\/index.php?rest_route=\/wp\/v2\/users\/1"}],"replies":[{"embeddable":true,"href":"https:\/\/meinrecht.or.at\/index.php?rest_route=%2Fwp%2Fv2%2Fcomments&post=2456"}],"version-history":[{"count":57,"href":"https:\/\/meinrecht.or.at\/index.php?rest_route=\/wp\/v2\/pages\/2456\/revisions"}],"predecessor-version":[{"id":3794,"href":"https:\/\/meinrecht.or.at\/index.php?rest_route=\/wp\/v2\/pages\/2456\/revisions\/3794"}],"wp:attachment":[{"href":"https:\/\/meinrecht.or.at\/index.php?rest_route=%2Fwp%2Fv2%2Fmedia&parent=2456"}],"curies":[{"name":"wp","href":"https:\/\/api.w.org\/{rel}","templated":true}]}}